{"id":51168,"date":"2025-12-19T02:36:34","date_gmt":"2025-12-19T00:36:34","guid":{"rendered":"https:\/\/www.llachserra.com\/property\/piso-a-estrenar-en-el-centro-de-vilafranca\/"},"modified":"2026-04-03T01:21:42","modified_gmt":"2026-04-02T23:21:42","slug":"piso-a-estrenar-en-el-centro-de-vilafranca","status":"publish","type":"property","link":"https:\/\/www.llachserra.com\/es\/property\/piso-a-estrenar-en-el-centro-de-vilafranca\/","title":{"rendered":"Piso a estrenar en el centro de Vilafranca"},"excerpt":{"rendered":"<p>En pleno centro hist\u00f3rico de Vilafranca del Pened\u00e8s, se encuentra este magn\u00edfico piso, una vivienda amplia, luminosa y completamente a estrenar.<\/p>\n<p>La vivienda ofrece una espectacular zona de d\u00eda formada por un gran espacio di\u00e1fano que integra sal\u00f3n, comedor y cocina americana, creando un ambiente moderno, amplio y muy acogedor. Desde esta estancia se accede a un balc\u00f3n con vistas a la Bas\u00edlica de Santa Maria de Vilafranca, un aut\u00e9ntico valor a\u00f1adido que aporta car\u00e1cter y singularidad al piso.<\/p>\n<p>La habitaci\u00f3n principal, tipo suite, es tambi\u00e9n muy amplia y cuenta con salida a un segundo balc\u00f3n con las mismas vistas a la calle y a la Bas\u00edlica. El ba\u00f1o de la suite est\u00e1 equipado con plato de ducha y presenta un dise\u00f1o actual y funcional.<\/p>\n<p>La vivienda dispone adem\u00e1s de una segunda habitaci\u00f3n, de tama\u00f1o individual. Esta estancia cuenta con un balc\u00f3n ligeramente m\u00e1s amplio, orientado al lado opuesto, por el que entra abundante luz natural, convirti\u00e9ndola en un espacio muy agradable.<\/p>\n<p>Completa el piso un segundo ba\u00f1o, tambi\u00e9n con plato de ducha, siguiendo la misma l\u00ednea moderna y cuidada.<\/p>\n<p>El conjunto de la vivienda destaca por sus acabados actuales, su sensaci\u00f3n de amplitud, la luminosidad en todas las estancias y una est\u00e9tica limpia y contempor\u00e1nea. Un piso pensado para quienes buscan vivir en el centro, con comodidad, estilo y en un inmueble totalmente nuevo.<\/p>\n<p>El edificio dispone de zona comunitaria con piscina.~No se aceptan mascotas. <\/p>\n<p>Una oportunidad \u00fanica para estrenar vivienda en una de las zonas m\u00e1s emblem\u00e1ticas de Vilafranca del Pened\u00e8s.<\/p>\n<p>\ud83d\udcde Cont\u00e1ctanos para m\u00e1s informaci\u00f3n o para concertar una visita.<\/p>\n<p>\u2022Superficie construida: 96,00 m2~\u2022Superficie \u00fatil: 70,75 m2~\u2022Estado de la vivienda: En perfecto estado.~\u2022El \u00edndice estatal de referencia de alquiler no ofrece rango de precios.~\u2022Este inmueble se encuentra en una zona de mercado de alquiler tensionado.~\u2022Este inmueble no ha estado arrendado como vivienda habitual con un contrato de arrendamiento sujeto a la LAU en los \u00faltimos cinco a\u00f1os.~\u2022La propiedad no tiene la consideraci\u00f3n de gran tenedor.~\u2022El alquiler incluye los siguientes gastos: Comunidad (75,00 \u20ac), IBI (37,76 \u20ac), Tasa Residuos (13,83 \u20ac)~\u2022Esta vivienda dispone de C\u00e9dula de Habitabilidad (CHB) en vigor con el n\u00fam. CHB04112523004.~\u2022Este inmueble dispone de Certificado de Eficiencia Energ\u00e9tica en vigor con el n\u00fam. 8KC5C5G6H.~\u2022Consumo de Energ\u00eda: Letra B (40 KWh\/m2 a\u00f1o)~\u2022Emisiones: Letra B (6 kg CO2 \/ m2 a\u00f1o)<\/p>\n<p>Agente de la Propiedad Inmobiliaria n\u00fam. 3874~N\u00famero de AICAT n\u00fam. 6689~Los honorarios de comercializaci\u00f3n y formalizaci\u00f3n del contrato de arrendamiento van a cargo del arrendador.~La gesti\u00f3n del Impuesto de Transmisiones Patrimoniales (ITP) va a cargo del arrendatario<\/p>\n","protected":false},"template":"","availability":"Lloguer","property_type":"Flat, Pis, Piso","location":"Espanya","parking":"","outside_space":"","price_qualifier":"","furnished":"","marketing_flag":"","property_feature":[],"class_list":["post-51168","type-property","status-publish","availability-let","property_type-flat-en","property_type-flat","property_type-flat-es","location-espanya","ph-cols-3","property","department-residential-lettings","office-2757"],"acf":[],"department":"residential-lettings","reference_number":"C-105","address_street":"","address_two":"","address_three":"El Centre","address_four":"Vilafranca del Penedes","address_postcode":"08720","address_country":"ES","latitude":"41.344398799","longitude":"1.694420255","price_actual":"784.64527316218","price":"900","price_formatted":"900&euro; pcm","rent_frequency":"pcm","currency":"EUR","council_tax_band":"","deposit":"","available_date":"","bedrooms":"1","bathrooms":"2","reception_rooms":"","on_market":"","featured":"","features":[],"description":"","office":{"name":"My Office","address":"","telephone_number":"","email_address":""},"negotiator":{"name":"","telephone_number":"","email_address":""},"images":[],"floorplans":[],"brochures":[],"epcs":[],"virtual_tours":[],"views_total":825,"views_last_7_days":32,"views_last_14_days":51,"views_last_30_days":130,"_links":{"self":[{"href":"https:\/\/www.llachserra.com\/es\/wp-json\/wp\/v2\/property\/51168","targetHints":{"allow":["GET"]}}],"collection":[{"href":"https:\/\/www.llachserra.com\/es\/wp-json\/wp\/v2\/property"}],"about":[{"href":"https:\/\/www.llachserra.com\/es\/wp-json\/wp\/v2\/types\/property"}],"wp:attachment":[{"href":"https:\/\/www.llachserra.com\/es\/wp-json\/wp\/v2\/media?parent=51168"}],"wp:term":[{"taxonomy":"availability","embeddable":true,"href":"https:\/\/www.llachserra.com\/es\/wp-json\/wp\/v2\/availability?post=51168"},{"taxonomy":"property_type","embeddable":true,"href":"https:\/\/www.llachserra.com\/es\/wp-json\/wp\/v2\/property_type?post=51168"},{"taxonomy":"commercial_property_type","embeddable":true,"href":"https:\/\/www.llachserra.com\/es\/wp-json\/wp\/v2\/commercial_property_type?post=51168"},{"taxonomy":"location","embeddable":true,"href":"https:\/\/www.llachserra.com\/es\/wp-json\/wp\/v2\/location?post=51168"},{"taxonomy":"parking","embeddable":true,"href":"https:\/\/www.llachserra.com\/es\/wp-json\/wp\/v2\/parking?post=51168"},{"taxonomy":"outside_space","embeddable":true,"href":"https:\/\/www.llachserra.com\/es\/wp-json\/wp\/v2\/outside_space?post=51168"},{"taxonomy":"price_qualifier","embeddable":true,"href":"https:\/\/www.llachserra.com\/es\/wp-json\/wp\/v2\/price_qualifier?post=51168"},{"taxonomy":"tenure","embeddable":true,"href":"https:\/\/www.llachserra.com\/es\/wp-json\/wp\/v2\/tenure?post=51168"},{"taxonomy":"commercial_tenure","embeddable":true,"href":"https:\/\/www.llachserra.com\/es\/wp-json\/wp\/v2\/commercial_tenure?post=51168"},{"taxonomy":"sale_by","embeddable":true,"href":"https:\/\/www.llachserra.com\/es\/wp-json\/wp\/v2\/sale_by?post=51168"},{"taxonomy":"furnished","embeddable":true,"href":"https:\/\/www.llachserra.com\/es\/wp-json\/wp\/v2\/furnished?post=51168"},{"taxonomy":"marketing_flag","embeddable":true,"href":"https:\/\/www.llachserra.com\/es\/wp-json\/wp\/v2\/marketing_flag?post=51168"},{"taxonomy":"property_feature","embeddable":true,"href":"https:\/\/www.llachserra.com\/es\/wp-json\/wp\/v2\/property_feature?post=51168"}],"curies":[{"name":"wp","href":"https:\/\/api.w.org\/{rel}","templated":true}]}}