{"id":1090,"date":"2024-01-05T05:38:54","date_gmt":"2024-01-05T03:38:54","guid":{"rendered":"https:\/\/www.llachserra.com\/politica-privacidad\/"},"modified":"2025-08-29T09:05:20","modified_gmt":"2025-08-29T07:05:20","slug":"politica-privacidad","status":"publish","type":"page","link":"https:\/\/www.llachserra.com\/es\/politica-privacidad\/","title":{"rendered":"Pol\u00edtica de privacidad"},"content":{"rendered":"\n<h2 class=\"wp-block-heading\">1. INFORMACI\u00d3N AL USUARIO<\/h2>\n\n<p>LLACH SERRA &amp; ASSOCIATS SL es el responsable del tratamiento de los datos personales del interesado y le informa de que estos datos se tratar\u00e1n de conformidad con lo dispuesto en el Reglamento (UE) 2016\/679, de 27 de abril (GDPR), y la Ley Org\u00e1nica 3\/2018, de 5 de diciembre (LOPDGDD), por lo que se le facilita la siguiente informaci\u00f3n del tratamiento:<\/p>\n\n<h3 class=\"wp-block-heading\">FORMULARIO WEB: datos recogidos en el formulario web<\/h3>\n\n<p><strong>Fines del tratamiento:<\/strong> dar respuesta a las consultas o cualquier tipo de peticio\u0301n que sea realizada por el usuario a trave\u0301s de cualquiera de las formas de contacto que se ponen a su disposicio\u0301n en la pa\u0301gina web del responsable. (por el intere\u0301s legi\u0301timo del responsable, art. 6.1.f GDPR)<br\/>enviar comunicaciones comerciales publicitarias por e-mail, fax, sms, mms, redes sociales o cualquier otro medio electro\u0301nico o fi\u0301sico, presente o futuro, que posibilite realizar comunicaciones comerciales. estas comunicaciones sera\u0301n realizadas por el responsable y estara\u0301n relacionadas con sus productos y servicios, o de sus colaboradores o proveedores, con los que este haya alcanzado algu\u0301n acuerdo de promocio\u0301n. en este caso, los terceros nunca tendra\u0301n acceso a los datos personales. (por el consentimiento del interesado, 6.1.a GDPR) realizar ana\u0301lisis estadi\u0301sticos y estudios de mercado. (por el intere\u0301s legi\u0301timo del responsable, art. 6.1.f GDPR<\/p>\n\n<p><br\/><strong>Legitimaci\u00f3n del tratamiento:<\/strong> CONSENTIMIENTO del interesado para fines espec\u00edficos (art\u00edculo 6.1.a GDPR), Por un INTER\u00c9S LEG\u00cdTIMO del Responsable del tratamiento o Tercero (art\u00edculo 6.1.f GDPR)<\/p>\n\n<p><br\/><strong>Criterios de conservaci\u00f3n de los datos:<\/strong> conservados durante no m\u00e1s tiempo del necesario para mantener el fin del tratamiento o mientras existan prescripciones legales que dictaminen su custodia.<\/p>\n\n<p><br\/><strong>Comunicaci\u00f3n de los datos:<\/strong> se informa de que no se comunican los datos a terceros, salvo por obligaci\u00f3n<br\/>legal.<\/p>\n\n<p><br\/><strong>Transferencias internacionales de datos:<\/strong> Se INFORMA que los datos pueden ser transferidos a pa\u00edses fuera del EEE mediante una DECISI\u00d3N DE ADECUACI\u00d3N de la Comisi\u00f3n Europea a trav\u00e9s de Google para el hosting del correo electr\u00f3nico.<\/p>\n\n<h3 class=\"wp-block-heading\">PUBLICIDAD COMERCIAL: gesti\u00f3n publicitaria, prospecci\u00f3n comercial y env\u00edo de mailings y newsletter.<\/h3>\n\n<p><strong>Fines del tratamiento:<\/strong> publicidad y prospecci\u00f3n comercial<\/p>\n\n<p><br\/><strong>Legitimaci\u00f3n del tratamiento:<\/strong> CONSENTIMIENTO del interesado para fines espec\u00edficos (art\u00edculo 6.1.a GDPR)<\/p>\n\n<p><br\/><strong>Criterios de conservaci\u00f3n de los datos:<\/strong> conservados durante no m\u00e1s tiempo del necesario para mantener el fin del tratamiento o mientras existan prescripciones legales que dictaminen su custodia.<\/p>\n\n<p><br\/><strong>Comunicaci\u00f3n de los datos:<\/strong> se informa de que no se comunican los datos a terceros, salvo por obligaci\u00f3n legal.<\/p>\n\n<p><br\/><strong>Transferencias internacionales de datos:<\/strong> Se INFORMA que los datos pueden ser transferidos a pa\u00edses fuera del EEE mediante una DECISI\u00d3N DE ADECUACI\u00d3N de la Comisi\u00f3n Europea a trav\u00e9s de Google para el hosting del correo electr\u00f3nico y copias de seguridad, a Dropbox para copias de seguridad y Mailchimp para el env\u00edo de mailings y\/o newsletter.<\/p>\n\n<h3 class=\"wp-block-heading\">DERECHOS Y DATOS DE CONTACTO<\/h3>\n\n<p><strong>Derechos que asisten al interesado:<\/strong><\/p>\n\n<ul class=\"wp-block-list\">\n<li>Derecho a retirar el consentimiento en cualquier momento, cuando el tratamiento se base en el consentimiento del interesado.<\/li>\n\n\n\n<li>Derecho de acceso, rectificaci\u00f3n, portabilidad y supresi\u00f3n de sus datos y de limitaci\u00f3n u oposici\u00f3n a su tratamiento.<\/li>\n\n\n\n<li>Derecho a presentar una reclamaci\u00f3n ante la Autoridad de control (www.aepd.es) si considera que el tratamiento no se ajusta a la normativa vigente.<\/li>\n<\/ul>\n\n<p><strong>Datos de contacto para ejercer sus derechos:<\/strong><\/p>\n\n<ul class=\"wp-block-list\">\n<li>LLACH SERRA &amp; ASSOCIATS SL Passeig de Gracia 95, 1\u00ba1\u00ba &#8211; 08008 &#8211; Barcelona. E-mail: dpo@windat.eu<\/li>\n\n\n\n<li>Datos de contacto del delegado de protecci\u00f3n de datos: WINDAT PRO GES SL, C\/ Pau Benach, 13, 08720 VILAFRANCA DEL PENEDES &#8211; dpo@windat.eu<\/li>\n<\/ul>\n\n<h2 class=\"wp-block-heading\">2. CAR\u00c1CTER OBLIGATORIO O FACULTATIVO DE LA INFORMACI\u00d3N FACILITADA POR EL USUARIO<\/h2>\n\n<p>Los USUARIOS, mediante la marcaci\u00f3n de las casillas correspondientes y la entrada de datos en los campos, marcados con un asterisco (*) en el formulario de contacto o presentados en formularios de descarga, aceptan expresamente y de forma libre e inequ\u00edvoca, que sus datos son necesarios para atender su petici\u00f3n, por parte del prestador, siendo voluntaria la inclusi\u00f3n de datos en los campos restantes. El USUARIO garantiza que los datos personales facilitados al RESPONSABLE son veraces y se hace responsable de comunicar cualquier modificaci\u00f3n de los mismos.<\/p>\n\n<p><br\/>El RESPONSABLE informa de que todos los datos solicitados a trav\u00e9s del sitio web son obligatorios, ya que son necesarios para la prestaci\u00f3n de un servicio \u00f3ptimo al USUARIO. En caso de que no se faciliten todos los datos, no se garantiza que la informaci\u00f3n y servicios facilitados sean completamente ajustados a sus necesidades.<\/p>\n\n<h2 class=\"wp-block-heading\">3. MEDIDAS DE SEGURIDAD<\/h2>\n\n<p>Que de conformidad con lo dispuesto en las normativas vigentes en protecci\u00f3n de datos personales, el RESPONSABLE est\u00e1 cumpliendo con todas las disposiciones de las normativas GDPR y LOPDGDD para el tratamiento de los datos personales de su responsabilidad, y manifiestamente con los principios descritos en el art\u00edculo 5 del GDPR, por los cuales son tratados de manera l\u00edcita, leal y transparente en relaci\u00f3n con el interesado y adecuados, pertinentes y limitados a lo necesario en relaci\u00f3n con los fines para los que son tratados.<\/p>\n\n<p><br\/>El RESPONSABLE garantiza que ha implementado pol\u00edticas t\u00e9cnicas y organizativas apropiadas para aplicar las medidas de seguridad que establecen el GDPR y la LOPDGDD con el fin de proteger los derechos y libertades de los USUARIOS y les ha comunicado la informaci\u00f3n adecuada para que puedan ejercerlos.<\/p>\n\n<p><br\/>Para m\u00e1s informaci\u00f3n sobre las garant\u00edas de privacidad, puedes dirigirte al RESPONSABLE a trav\u00e9s de LLACH SERRA &amp; ASSOCIATS SL. Passeig de Gracia 95, 1\u00ba1\u00ba &#8211; 08008 &#8211; Barcelona E-mail: dpo@windat.eu Datos de contacto del delegado de protecci\u00f3n de datos: WINDAT PRO GES SL, C\/ Pau Benach, 13, 08720 VILAFRANCA DEL PENEDES &#8211; dpo@windat.eu<\/p>\n","protected":false},"excerpt":{"rendered":"<p>1. INFORMACI\u00d3N AL USUARIO LLACH SERRA &amp; ASSOCIATS SL es el responsable del tratamiento de los datos personales del interesado y le informa de que estos datos se tratar\u00e1n de conformidad con lo dispuesto en el Reglamento (UE) 2016\/679, de 27 de abril (GDPR), y la Ley Org\u00e1nica 3\/2018, de 5 de diciembre (LOPDGDD), por [&hellip;]<\/p>\n","protected":false},"author":1,"featured_media":0,"parent":0,"menu_order":0,"comment_status":"closed","ping_status":"closed","template":"","meta":{"_acf_changed":false,"_et_pb_use_builder":"off","_et_pb_old_content":"","_et_gb_content_width":"","footnotes":""},"class_list":["post-1090","page","type-page","status-publish","hentry"],"acf":[],"_links":{"self":[{"href":"https:\/\/www.llachserra.com\/es\/wp-json\/wp\/v2\/pages\/1090","targetHints":{"allow":["GET"]}}],"collection":[{"href":"https:\/\/www.llachserra.com\/es\/wp-json\/wp\/v2\/pages"}],"about":[{"href":"https:\/\/www.llachserra.com\/es\/wp-json\/wp\/v2\/types\/page"}],"author":[{"embeddable":true,"href":"https:\/\/www.llachserra.com\/es\/wp-json\/wp\/v2\/users\/1"}],"replies":[{"embeddable":true,"href":"https:\/\/www.llachserra.com\/es\/wp-json\/wp\/v2\/comments?post=1090"}],"version-history":[{"count":3,"href":"https:\/\/www.llachserra.com\/es\/wp-json\/wp\/v2\/pages\/1090\/revisions"}],"predecessor-version":[{"id":2695,"href":"https:\/\/www.llachserra.com\/es\/wp-json\/wp\/v2\/pages\/1090\/revisions\/2695"}],"wp:attachment":[{"href":"https:\/\/www.llachserra.com\/es\/wp-json\/wp\/v2\/media?parent=1090"}],"curies":[{"name":"wp","href":"https:\/\/api.w.org\/{rel}","templated":true}]}}